{"id":126,"date":"2019-01-21T14:18:42","date_gmt":"2019-01-21T13:18:42","guid":{"rendered":"http:\/\/localhost\/zabor_1\/?page_id=126"},"modified":"2026-05-12T16:50:40","modified_gmt":"2026-05-12T14:50:40","slug":"about","status":"publish","type":"page","link":"https:\/\/www.frederic-clot.com\/?page_id=126","title":{"rendered":"Bioraphy\/CV"},"content":{"rendered":"<div class=\"wpb-content-wrapper\">[vc_row css_animation=&#8221;none&#8221;][vc_column]<div class=\"sec-text  \" style=\"\">\n<div id=\"item1\">\n<h2><span style=\"color: #000000;\">Ne\u0301 en 1973 a\u0300 Saint-Loup, Suisse, Fr\u00e9d\u00e9ric Clot vit et travaille dans le canton du Vaud en Suisse.<\/span><\/h2>\n<p>&nbsp;<\/p>\n<div id=\"tw-target-text-container\" class=\"tw-ta-container tw-nfl\" tabindex=\"0\" role=\"text\">\n<h2 id=\"tw-target-text\" class=\"tw-data-text tw-text-large tw-ta\" dir=\"ltr\" tabindex=\"-1\" role=\"text\" data-placeholder=\"Traduction\" data-ved=\"2ahUKEwjro_LDhZ2UAxWf1QIHHQAvC1MQ3ewLegQIDBAU\" aria-label=\"Texte traduit\u00a0: \u00c0 contre-courant des modes \u00e9tablies Fr\u00e9d\u00e9ric Clot est un artiste autodidacte qui a d\u00e9velopp\u00e9 une approche singuli\u00e8re du dessin et de la peinture, en marge des styles \u00e9tablis, principalement en noir et blanc, \u00e0 la fronti\u00e8re entre figuration et abstraction. Ses peintures, gravures et dessins \u00e9voquent des lieux \u00e9nigmatiques. Clot cr\u00e9e des sc\u00e9narios en parfaite harmonie avec notre \u00e9poque\u00a0: des r\u00e9miniscences abstraites et insaisissables de notre pr\u00e9sent, refl\u00e9tant la conception \u00e9largie de la communication \u00e0 l\u2019\u00e8re num\u00e9rique.\"><span style=\"color: #000000;\"><span class=\"Y2IQFc\" lang=\"fr\">Ses peintures et dessins \u00e9voquent des lieux \u00e9nigmatiques, des r\u00e9miniscences abstraites et insaisissables de notre pr\u00e9sent, refl\u00e9tant la conception \u00e9largie de la communication \u00e0 l\u2019\u00e8re digitale.<\/span><\/span><\/h2>\n<p>&nbsp;<\/p>\n<\/div>\n<div id=\"tw-target-rmn-container\" class=\"tw-target-rmn tw-ta-container tw-nfl\" tabindex=\"-1\" role=\"text\">\n<h2 id=\"tw-target-rmn\" class=\"tw-data-placeholder tw-text-small tw-ta\" dir=\"ltr\" tabindex=\"-1\" role=\"text\"><span style=\"color: #000000;\">1973, pr\u00e9cis\u00e9ment au moment o\u00f9 \u00e9mergent les technologies de l\u2019infographie et de l\u2019imagerie num\u00e9rique, l\u2019artiste d\u2019Ependes est un fils du num\u00e9rique. Rappelons que c\u2019est \u00e0 cette m\u00eame p\u00e9riode que le terme \u00ab pixel \u00bb devient progressivement populaire. Le carr\u00e9 chez Fr\u00e9d\u00e9ric Clot \u00e9voque justement cette unit\u00e9 de base, rappelant ainsi la pr\u00e9dominance de l\u2019\u00e9cran. C\u2019est ce signe, aussi simple soit-il, qui lui permet de passer progressivement d\u2019une peinture figurative architectur\u00e9e ou paysag\u00e8re \u00e0 une pratique plus abstraite. Un art a\u0300 mi-chemin entre peinture et \u00e9criture, \u00e9laborant un syst\u00e8me complexe de signes graphiques pour r\u00e9unir l\u2019histoire, son \u0153uvre refl\u00e8te ainsi une soci\u00e9t\u00e9 hyperconnect\u00e9e dans laquelle, paradoxalement, l\u2019humanit\u00e9 reste isol\u00e9e.\u00a0 K.Tissot, &#8220;<em>Fils du num\u00e9rique&#8221;<\/em>, Berlin, Hatje Cantz, 2024.<\/span><\/h2>\n<\/div>\n<h2><\/h2>\n<h2><span style=\"color: #000000;\">De 1991 \u00e0 2001, il apprend le dessin et la peinture par lui-m\u00eame, exerce divers petits boulots et s\u00e9journe longuement dans les Cara\u00efbes, en Am\u00e9rique du Sud, en Afrique et \u00e0 New York. En 2003, Francis Marmande \u00e9crit \u00ab Guerriers et fant\u00f4mes ant\u00e9rieurs de Fr\u00e9d\u00e9ric Clot \u00bb, texte accompagnant \u00ab Le Livre des quarante guerriers \u00bb, publi\u00e9 par Remarques \u00e0 Lausanne, en Suisse. En 2004, il dessine 78 m\u00b2 de ville pour son exposition \u00e0 Forde (centre d&#8217;art contemporain) \u00e0 Gen\u00e8ve. En 2015, il re\u00e7oit le prix Casimir Raymond. D\u00e8s lors, il vit et travaille entre Ependes, en Suisse, et Lisbonne. En 2023, il collabore avec Karine Tissot \u00e0 la publication d&#8217;une monographie sur son \u0153uvre aux \u00e9ditions Hatje Cantz, Berlin. En 2024, \u00ab Digital \u00bb para\u00eet chez Hatje Cantz, Berlin. La m\u00eame ann\u00e9e Il est laur\u00e9at du prix Liechti pour les arts visuels.<\/span><\/h2>\n<p>&nbsp;<\/p>\n<h2><\/h2>\n<h2><span style=\"color: #000000;\">Son travail a \u00e9t\u00e9 expos\u00e9 dans des institutions telles que\u00a0le Mus\u00e9e Jenish \u00e0 Vevey (2021 et 2008), CACY \u00e0 Yverdon-les-Bains (2020), le Mus\u00e9e Rath \u00e0 Gen\u00e8ve (2019), MAHN \u00e0 Neuch\u00e2tel (2019 et 2014), le Museo Villa dei Cedri \u00e0 Bellinzone (2019), le Mus\u00e9e des beaux-arts de La Chaux-de-Fonds (2016 et 2013), la Fondation Giorgio Cini \u00e0 Venise (2015), le Lieu Unique \u00e0 Nantes (2014), l&#8217;Espace Arlaud \u00e0 Lausanne (2026, 2011 et 2007) et FORDE (centre d&#8217;art contemporain) \u00e0 Gen\u00e8ve (2004). Il a \u00e9galement particip\u00e9 aux foires internationales suivantes\u00a0: artbasel, Art Paris, artgen\u00e8ve, Art Brussels et Contemporary Drawing Art Fair (Paris).<\/span><\/h2>\n<h2><\/h2>\n<h2><\/h2>\n<h2><\/h2>\n<h2><span style=\"color: #000000;\">Collections publiques et priv\u00e9es (s\u00e9lection) :<\/span><\/h2>\n<h2><span style=\"color: #000000;\">Collection priv\u00e9e, New York, \u00c9tats-Unis \/ Collection priv\u00e9e, San Diego, \u00c9tats-Unis \/ Collection priv\u00e9e, Berlin, Allemagne \/ Collection Francisca et Vincent Juillerat, Paris &#8211; Valpara\u00edso, France &#8211; Chili \/ Collection priv\u00e9e Bustros, Paris, France \/ Collections priv\u00e9es, Suisse \/ Collection du Mus\u00e9e Jenisch, Vevey, Suisse \/ Collection Credit Suisse, Zurich, Suisse \/ Collection F. Hoffmann \u2013 La Roche, B\u00e2le, Suisse \/ Collection Crossinvest SA, Lugano, Suisse \/ Collection MAH, Gen\u00e8ve, Suisse \/ Collection du Mus\u00e9e des Baux-Arts de La Chaux-de-Fonds, don de Fran\u00e7ois Ditesheim, Suisse \/ Collection du Cabinet cantonal des estampes, Vevey, Suisse \/ Collection MAHN, Neuch\u00e2tel, Suisse \/ Collection CHUV, Lausanne, Suisse \/ Collection de la Ville d&#8217;Yverdon-les-Bains, Suisse \/ Collection de la Ville de Neuch\u00e2tel, Suisse.<\/span><\/h2>\n<\/div>\n<p>&nbsp;<\/p>\n<div id=\"item1\">\n<h2><\/h2>\n<h2><span style=\"color: #008080;\">Born in 1973 in Saint-Loup, Switzerland, Fr\u00e9d\u00e9ric Clot lives and works in the Swiss canton of Vaud.<\/span><\/h2>\n<p>&nbsp;<\/p>\n<div id=\"tw-target-text-container\" class=\"tw-ta-container tw-nfl\" tabindex=\"0\" role=\"text\">\n<h2 id=\"tw-target-text\" class=\"tw-data-text tw-text-large tw-ta\" dir=\"ltr\" tabindex=\"-1\" role=\"text\" data-placeholder=\"Traduction\" data-ved=\"2ahUKEwjro_LDhZ2UAxWf1QIHHQAvC1MQ3ewLegQIDBAU\" aria-label=\"Texte traduit\u00a0: Outside of established styles, he developed a unique approach to drawing and painting, primarily in black and white, on the border between figuration and abstraction. His paintings and drawings evoke enigmatic places, abstract and elusive reminiscences of our present, reflecting the expanded conception of communication in the digital age.\"><span class=\"Y2IQFc\" lang=\"en\" style=\"color: #008080;\">His paintings and drawings evoke enigmatic places, abstract and elusive reminiscences of our present, reflecting the expanded conception of communication in the digital age.<\/span><\/h2>\n<p>&nbsp;<\/p>\n<h2 class=\"tw-data-text tw-text-large tw-ta\" dir=\"ltr\" tabindex=\"-1\" role=\"text\" data-placeholder=\"Traduction\" data-ved=\"2ahUKEwjro_LDhZ2UAxWf1QIHHQAvC1MQ3ewLegQIDBAU\" aria-label=\"Texte traduit\u00a0: Outside of established styles, he developed a unique approach to drawing and painting, primarily in black and white, on the border between figuration and abstraction. His paintings and drawings evoke enigmatic places, abstract and elusive reminiscences of our present, reflecting the expanded conception of communication in the digital age.\"><span style=\"color: #008080;\">1973, precisely when computer graphics and digital imaging technologies were emerging, made this artist from Ependes a child of the digital age. It&#8217;s worth noting that it was during this same period that the term &#8220;pixel&#8221; gradually gained popularity. The square in Fr\u00e9d\u00e9ric Clot&#8217;s work evokes this basic unit, thus recalling the predominance of the screen. It is this symbol, however simple, that allows him to gradually move from figurative, architectural, or landscape-based painting to a more abstract practice. An art form halfway between painting and writing, developing a complex system of graphic signs to bring history together, his work reflects a hyper-connected society in which, paradoxically, humanity remains isolated.<\/span><\/h2>\n<\/div>\n<h2><span style=\"color: #008080;\">K.Tissot, &#8220;<em>Son of the digital age&#8221;<\/em>, Berlin, Hatje Cantz, 2024.<\/span><\/h2>\n<h2><\/h2>\n<h2><span style=\"color: #008080;\">1991 \u2013 2001, he taught himself drawing and painting, worked various odd jobs, and spent extended periods in the Caribbean, South America, Africa, and New York. 2003, Francis Marmande wrote \u201cGuerriers et fant\u00f4mes ant\u00e9rieurs de Fr\u00e9d\u00e9ric Clot\u201d, a text that accompanied \u201cLe Livre des quarante guerriers\u201d, published by Remarques in Lausanne, Switzerland. 2004, drawes 78m\u00b2 of city for his exhibition at Forde (contemporary art center) in Geneva<strong>. <\/strong>2015, he received the Casimir Raymond Prize. From then on, he has lived and worked between Ependes, Switzerland, and Lisbon. 2023, he collaborated with Karine Tissot on the publication of a monograph on his work with HATJE CANTZ, Berlin. 2024, &#8220;Digital&#8221; published by HATJE CANTZ, Berlin. In the same year he was awarded the Liechti Prize for Visual Arts.<\/span><\/h2>\n<p>&nbsp;<\/p>\n<\/div>\n<div id=\"item1\">\n<h2><span style=\"color: #008080;\">His work has been exhibited at institutions such as the\u00a0Mus\u00e9e Jenish in Vevey (2021 and 2008), CACY (KAKI) in Yverdon-les-Bains (2020), Mus\u00e9e Rath in Geneva (2019), MAHN in Neuch\u00e2tel (2019 and 2014), Museo Villa dei Cedri in Bellinzona (2019), Mus\u00e9e des beaux-arts, \u00a0La Chaux-de-Fonds (2016 and 2013), Giorgio Cini Foundation in Venice (2015), Lieu Unique in Nantes (2014), Espace Arlaud in Lausanne (2026, 2011 and 2007), \u00a0FORDE (contemporary art center)\u00a0in Geneva (2004). His\u00a0work has been exhibited at the following international fairs: artbasel, Art Paris, artgen\u00e8ve, art brussels, Contemporary Drawing Art Fair (Paris).<\/span><\/h2>\n<h2><span style=\"color: #008080;\">Public and private collections (selection) :<\/span><\/h2>\n<h2><span style=\"color: #008080;\">Private collection, New York, USA \/ Private collection, San Diego, USA \/ Private collection, Berlin, Germany \/ Francisca and Vincent Juillerat collection, Paris &#8211; Valparaiso, France &#8211; Chile \/ Bustros private collection, Paris, France \/ Private collections, Switzerland \/ Jenisch Museum collection, Vevey, Switzerland \/ Credit Suisse collection, Zurich, Switzerland \/ F. Hoffmann \u2013 La Roche collection, Basel, Switzerland \/ Crossinvest SA collection, Lugano, Switzerland \/ MAH collection, Geneva, Switzerland \/ Mus\u00e9e des baux-arts, La Chaux-de Fond collection, donation Fran\u00e7ois Ditesheim, Switzerland \/ Cantonal Prints Cabinet collection, Vevey, Switzerland \/ MAHN collection, Neuch\u00e2tel, Switzerland \/ CHUV collection, Lausanne, Switzerland \/ Collection of the City of Yverdon-les-Bains, Switzerland \/ Collection of the City of Neuch\u00e2tel, Switzerland.<\/span><\/h2>\n<\/div>\n<div><\/div>\n<div>\n<div>\n<p>&nbsp;<\/p>\n<\/div>\n<p>&nbsp;<\/p>\n<\/div>\n<p>&nbsp;<\/p>\n<p><img decoding=\"async\" class=\"alignnone wp-image-4168 lazyload\" data-src=\"https:\/\/www.frederic-clot.com\/wp-content\/uploads\/2026\/01\/CLOT_2026_0317401-copie-1-225x300.jpg\" alt=\"\" width=\"878\" height=\"1171\" data-srcset=\"https:\/\/www.frederic-clot.com\/wp-content\/uploads\/2026\/01\/CLOT_2026_0317401-copie-1-225x300.jpg 225w, https:\/\/www.frederic-clot.com\/wp-content\/uploads\/2026\/01\/CLOT_2026_0317401-copie-1-768x1024.jpg 768w, https:\/\/www.frederic-clot.com\/wp-content\/uploads\/2026\/01\/CLOT_2026_0317401-copie-1-1152x1536.jpg 1152w, https:\/\/www.frederic-clot.com\/wp-content\/uploads\/2026\/01\/CLOT_2026_0317401-copie-1-1536x2048.jpg 1536w, https:\/\/www.frederic-clot.com\/wp-content\/uploads\/2026\/01\/CLOT_2026_0317401-copie-1.jpg 1890w\" data-sizes=\"(max-width: 878px) 100vw, 878px\" src=\"data:image\/svg+xml;base64,PHN2ZyB3aWR0aD0iMSIgaGVpZ2h0PSIxIiB4bWxucz0iaHR0cDovL3d3dy53My5vcmcvMjAwMC9zdmciPjwvc3ZnPg==\" style=\"--smush-placeholder-width: 878px; --smush-placeholder-aspect-ratio: 878\/1171;\" \/><\/p>\n<p><span style=\"color: #000000;\"><img decoding=\"async\" class=\"alignnone wp-image-4363 lazyload\" data-src=\"https:\/\/www.frederic-clot.com\/wp-content\/uploads\/2026\/05\/CLOT_2026_0317424-copie-2-300x225.jpg\" alt=\"\" width=\"879\" height=\"659\" data-srcset=\"https:\/\/www.frederic-clot.com\/wp-content\/uploads\/2026\/05\/CLOT_2026_0317424-copie-2-300x225.jpg 300w, https:\/\/www.frederic-clot.com\/wp-content\/uploads\/2026\/05\/CLOT_2026_0317424-copie-2-1024x768.jpg 1024w, https:\/\/www.frederic-clot.com\/wp-content\/uploads\/2026\/05\/CLOT_2026_0317424-copie-2-768x576.jpg 768w, https:\/\/www.frederic-clot.com\/wp-content\/uploads\/2026\/05\/CLOT_2026_0317424-copie-2-1536x1152.jpg 1536w, https:\/\/www.frederic-clot.com\/wp-content\/uploads\/2026\/05\/CLOT_2026_0317424-copie-2-2048x1536.jpg 2048w\" data-sizes=\"(max-width: 879px) 100vw, 879px\" src=\"data:image\/svg+xml;base64,PHN2ZyB3aWR0aD0iMSIgaGVpZ2h0PSIxIiB4bWxucz0iaHR0cDovL3d3dy53My5vcmcvMjAwMC9zdmciPjwvc3ZnPg==\" style=\"--smush-placeholder-width: 879px; --smush-placeholder-aspect-ratio: 879\/659;\" \/><\/span><\/p>\n<p><span style=\"color: #000000;\">Espace Arlaud 2026, photos Patrick Dupont<\/span><\/p>\n<p>&nbsp;<\/p>\n<p>&nbsp;<\/p>\n<p>&nbsp;<\/p>\n<p>&nbsp;<\/p>\n<p>&nbsp;<\/p>\n<p>&nbsp;<\/p>\n<div id=\"item1\" style=\"text-align: left;\">\n<p>&nbsp;<\/p>\n<\/div>\n<\/div>[\/vc_column][\/vc_row]\n<\/div>","protected":false},"excerpt":{"rendered":"<p>[vc_row css_animation=&#8221;none&#8221;][vc_column][\/vc_column][\/vc_row]<\/p>\n","protected":false},"author":1,"featured_media":3660,"parent":0,"menu_order":3,"comment_status":"closed","ping_status":"closed","template":"","meta":{"rs_blank_template":"","rs_page_bg_color":"#ffffff","slide_template_v7":"","footnotes":""},"class_list":["post-126","page","type-page","status-publish","has-post-thumbnail","hentry"],"_links":{"self":[{"href":"https:\/\/www.frederic-clot.com\/index.php?rest_route=\/wp\/v2\/pages\/126","targetHints":{"allow":["GET"]}}],"collection":[{"href":"https:\/\/www.frederic-clot.com\/index.php?rest_route=\/wp\/v2\/pages"}],"about":[{"href":"https:\/\/www.frederic-clot.com\/index.php?rest_route=\/wp\/v2\/types\/page"}],"author":[{"embeddable":true,"href":"https:\/\/www.frederic-clot.com\/index.php?rest_route=\/wp\/v2\/users\/1"}],"replies":[{"embeddable":true,"href":"https:\/\/www.frederic-clot.com\/index.php?rest_route=%2Fwp%2Fv2%2Fcomments&post=126"}],"version-history":[{"count":685,"href":"https:\/\/www.frederic-clot.com\/index.php?rest_route=\/wp\/v2\/pages\/126\/revisions"}],"predecessor-version":[{"id":4366,"href":"https:\/\/www.frederic-clot.com\/index.php?rest_route=\/wp\/v2\/pages\/126\/revisions\/4366"}],"wp:featuredmedia":[{"embeddable":true,"href":"https:\/\/www.frederic-clot.com\/index.php?rest_route=\/wp\/v2\/media\/3660"}],"wp:attachment":[{"href":"https:\/\/www.frederic-clot.com\/index.php?rest_route=%2Fwp%2Fv2%2Fmedia&parent=126"}],"curies":[{"name":"wp","href":"https:\/\/api.w.org\/{rel}","templated":true}]}}